{"version":"1.0","provider_name":"MV on the move","provider_url":"https:\/\/mvfaehrtgut.de\/en","author_name":"Redaktion","author_url":"https:\/\/mvfaehrtgut.de\/en\/author\/redaktion\/","title":"VMV l\u00e4dt zur Fahrplankonferenz - MV f\u00e4hrt gut","type":"rich","width":600,"height":338,"html":"<blockquote class=\"wp-embedded-content\" data-secret=\"ME0m8KisJk\"><a href=\"https:\/\/mvfaehrtgut.de\/en\/2026\/02\/18\/vmv-laedt-zur-fahrplankonferenz\/\">VMV l\u00e4dt zur Fahrplankonferenz<\/a><\/blockquote><iframe sandbox=\"allow-scripts\" security=\"restricted\" src=\"https:\/\/mvfaehrtgut.de\/en\/2026\/02\/18\/vmv-laedt-zur-fahrplankonferenz\/embed\/#?secret=ME0m8KisJk\" width=\"600\" height=\"338\" title=\"&#8220;VMV l\u00e4dt zur Fahrplankonferenz&#8221; &#8212; MV f\u00e4hrt gut\" data-secret=\"ME0m8KisJk\" frameborder=\"0\" marginwidth=\"0\" marginheight=\"0\" scrolling=\"no\" class=\"wp-embedded-content\"><\/iframe><script>\n\/*! This file is auto-generated *\/\n!function(d,l){\"use strict\";l.querySelector&&d.addEventListener&&\"undefined\"!=typeof URL&&(d.wp=d.wp||{},d.wp.receiveEmbedMessage||(d.wp.receiveEmbedMessage=function(e){var t=e.data;if((t||t.secret||t.message||t.value)&&!\/[^a-zA-Z0-9]\/.test(t.secret)){for(var s,r,n,a=l.querySelectorAll('iframe[data-secret=\"'+t.secret+'\"]'),o=l.querySelectorAll('blockquote[data-secret=\"'+t.secret+'\"]'),c=new RegExp(\"^https?:$\",\"i\"),i=0;i<o.length;i++)o[i].style.display=\"none\";for(i=0;i<a.length;i++)s=a[i],e.source===s.contentWindow&&(s.removeAttribute(\"style\"),\"height\"===t.message?(1e3<(r=parseInt(t.value,10))?r=1e3:~~r<200&&(r=200),s.height=r):\"link\"===t.message&&(r=new URL(s.getAttribute(\"src\")),n=new URL(t.value),c.test(n.protocol))&&n.host===r.host&&l.activeElement===s&&(d.top.location.href=t.value))}},d.addEventListener(\"message\",d.wp.receiveEmbedMessage,!1),l.addEventListener(\"DOMContentLoaded\",function(){for(var e,t,s=l.querySelectorAll(\"iframe.wp-embedded-content\"),r=0;r<s.length;r++)(t=(e=s[r]).getAttribute(\"data-secret\"))||(t=Math.random().toString(36).substring(2,12),e.src+=\"#?secret=\"+t,e.setAttribute(\"data-secret\",t)),e.contentWindow.postMessage({message:\"ready\",secret:t},\"*\")},!1)))}(window,document);\n\/\/# sourceURL=https:\/\/mvfaehrtgut.de\/wp-includes\/js\/wp-embed.min.js\n<\/script>","thumbnail_url":"https:\/\/mvfaehrtgut.de\/wp-content\/uploads\/2026\/02\/vmv.23_logo_basic80_RGB_300dpi.jpg","thumbnail_width":945,"thumbnail_height":603,"description":"Die VMV-Verkehrsgesellschaft Mecklenburg-Vorpommern l\u00e4dt die Verkehrsunternehmen des Landes, die kommunalen Spitzenverb\u00e4nde, die Landkreise und kreisfreien St\u00e4dte zur Fahrplankonferenz am 23. Februar 2026\u00a0in die IHK zu Rostock ein. In der Veranstaltung wird die Planung des SPNV f\u00fcr den Jahresfahrplan 2027 vorgestellt. Ziel ist, im Sinne einer m\u00f6glichst einfachen und durchgehenden Reisekette eine fr\u00fchzeitige Abstimmung mit den [&hellip;]"}